{"id":583,"date":"2022-08-11T12:13:22","date_gmt":"2022-08-11T10:13:22","guid":{"rendered":"https:\/\/nextbike-live.pluspol-networks.de\/biciarteixo\/preguntas-mas-frecuentes\/"},"modified":"2024-01-03T14:30:57","modified_gmt":"2024-01-03T13:30:57","slug":"preguntas-mas-frecuentes","status":"publish","type":"page","link":"https:\/\/www.biciarteixo.com\/gl\/preguntas-mas-frecuentes\/","title":{"rendered":"Preguntas m\u00e1is frecuentes"},"content":{"rendered":"<div class=\"wpb-content-wrapper\"><p>[vc_row ppi_row_padding=&#8221;ppi_remove_padding_top&#8221;][vc_column]<div class=\"nextbike faq-intro\">\n        <div class=\"faq-intro__image\">\n        <img loading=\"lazy\" decoding=\"async\" width=\"992\" height=\"661\" src=\"https:\/\/www.biciarteixo.com\/wp-content\/uploads\/sites\/61\/2023\/06\/biciArteixo_FAQ2-992x661.jpg\" class=\"attachment-nex-md size-nex-md\" alt=\"\" srcset=\"https:\/\/www.biciarteixo.com\/wp-content\/uploads\/sites\/61\/2023\/06\/biciArteixo_FAQ2-992x661.jpg 992w, https:\/\/www.biciarteixo.com\/wp-content\/uploads\/sites\/61\/2023\/06\/biciArteixo_FAQ2-300x200.jpg 300w, https:\/\/www.biciarteixo.com\/wp-content\/uploads\/sites\/61\/2023\/06\/biciArteixo_FAQ2-1024x682.jpg 1024w, https:\/\/www.biciarteixo.com\/wp-content\/uploads\/sites\/61\/2023\/06\/biciArteixo_FAQ2-768x512.jpg 768w, https:\/\/www.biciarteixo.com\/wp-content\/uploads\/sites\/61\/2023\/06\/biciArteixo_FAQ2-1200x800.jpg 1200w, https:\/\/www.biciarteixo.com\/wp-content\/uploads\/sites\/61\/2023\/06\/biciArteixo_FAQ2-480x320.jpg 480w, https:\/\/www.biciarteixo.com\/wp-content\/uploads\/sites\/61\/2023\/06\/biciArteixo_FAQ2-210x140.jpg 210w, https:\/\/www.biciarteixo.com\/wp-content\/uploads\/sites\/61\/2023\/06\/biciArteixo_FAQ2-150x100.jpg 150w, https:\/\/www.biciarteixo.com\/wp-content\/uploads\/sites\/61\/2023\/06\/biciArteixo_FAQ2.jpg 1400w\" sizes=\"auto, (max-width: 992px) 100vw, 992px\" \/>    <\/div>\n            <div class=\"faq-intro__content\">\n                <h1 class=\"faq-intro__headline\">\n            Preguntas m\u00e1is frecuentes        <\/h1>\n                        <div class=\"faq-intro__text\">\n            Quere saber m\u00e1is? Aqu\u00ed atopar\u00e1s as preguntas e respostas m\u00e1is frecuentes sobre biciArteixo.        <\/div>\n            <\/div>\n    <\/div>\n[\/vc_column][\/vc_row][vc_row ppi_row_type=&#8221;ppi_bg_black&#8221; full_width=&#8221;stretch_row&#8221;][vc_column]<div class=\"nextbike faqs\"><div class=\"faq__items\"><div class=\"ppi_row faqs__items__row\"><div class=\"ppi_col-xs-12\"><h3>Cl\u00e1sico<\/h3><\/div><div class=\"ppi_col-xs-12 ppi_col-md-6 faqs__items__column\"><h6 id=\"faq-1-clsico-1475\" class=\"faqs__accordion\" tabindex=\"0\" role=\"button\" aria-expanded=\"false\" aria-controls=\"faq-panel-1-clsico-1475\"><i role=\"presentation\" class=\"icon icon-plus\"><\/i>\u00bfComo devolvo a mi\u00f1a bicicleta correctamente?<\/h6><div id=\"faq-panel-1-clsico-1475\" class=\"faqs__panel\" role=\"region\" aria-labelledby=\"faq-1-clsico-1475\"><p><span data-sheets-root=\"1\">Si a estaci\u00f3n non ten portabicicletas fixos, a bici bloquear\u00e1se a s\u00ed mesma.<\/span><\/p>\n<p>Como norma xeral, ninguen debe ser molestado pola bici aparcada.<br \/>\nTen en conta o seguinte:<\/p>\n<p>A bicicleta non pode aparcarse nin devolverse<br \/>\na) en sem\u00e1foros<br \/>\nb) en m\u00e1quinas expendedoras de tickets ou parqu\u00edmetros<br \/>\nc) en sinais de tr\u00e1fico<br \/>\nd) en beirarr&#8217;uas, se ilo da lugar a unha anchura de paso inferior a 1,50 m<br \/>\ne) diante de, en ou sobre v\u00edas de evacuaci\u00f3n e zonas de acceso de bombeiros<br \/>\nf) cando ilo oculte a publicidad fixa dun terceiro<br \/>\ng) en valados de casas e establecementos privados ou p\u00fablicos<br \/>\nh) en andenes de transportes p\u00fablicos e plataformas de autobuses<br \/>\ni) en aparcamentos p\u00fablicos de bicicletas<\/p>\n<p>En caso de contravenci\u00f3n, reserv&#8217;amonos o dereito a cobrar una taxa de servizo.<\/p>\n<\/div><\/div><div class=\"ppi_col-xs-12 ppi_col-md-6 faqs__items__column\"><h6 id=\"faq-1-clsico-1452\" class=\"faqs__accordion\" tabindex=\"0\" role=\"button\" aria-expanded=\"false\" aria-controls=\"faq-panel-1-clsico-1452\"><i role=\"presentation\" class=\"icon icon-plus\"><\/i>\u00bfComo podo rexistrarme?<\/h6><div id=\"faq-panel-1-clsico-1452\" class=\"faqs__panel\" role=\"region\" aria-labelledby=\"faq-1-clsico-1452\"><p>Podes inscribirte a trav\u00e9s do sitio web ou da aplicaci\u00f3n.<\/p>\n<\/div><\/div><\/div><div class=\"ppi_row faqs__items__row\"><div class=\"ppi_col-xs-12\"><h3>Rexistro<\/h3><\/div><div class=\"ppi_col-xs-12 ppi_col-md-6 faqs__items__column\"><h6 id=\"faq-1-rexistro-1458\" class=\"faqs__accordion\" tabindex=\"0\" role=\"button\" aria-expanded=\"false\" aria-controls=\"faq-panel-1-rexistro-1458\"><i role=\"presentation\" class=\"icon icon-plus\"><\/i>\u00bfPor que te\u00f1o que cargar 1 euro a\u00ednda que a inscrici\u00f3n sexa gratu\u00edta?<\/h6><div id=\"faq-panel-1-rexistro-1458\" class=\"faqs__panel\" role=\"region\" aria-labelledby=\"faq-1-rexistro-1458\"><p>Para verificar o teu m\u00e9todo de pago e activar a t\u00faa conta, cargarase 1 \u20ac na t\u00faa conta bancaria. No entanto, non se trata dunha conta de inscrici\u00f3n sen\u00f3n que pode utilizarse como cr\u00e9dito inicial.<\/p>\n<\/div><h6 id=\"faq-61-rexistro-813\" class=\"faqs__accordion\" tabindex=\"0\" role=\"button\" aria-expanded=\"false\" aria-controls=\"faq-panel-61-rexistro-813\"><i role=\"presentation\" class=\"icon icon-plus\"><\/i>\u00bfComo activo a mi\u00f1a conta de cliente?<\/h6><div id=\"faq-panel-61-rexistro-813\" class=\"faqs__panel\" role=\"region\" aria-labelledby=\"faq-61-rexistro-813\"><p>Para activar a t\u00faa conta de cliente, tes que engadir un m\u00e9todo de pago a t\u00faa conta de cliente. Depositaremos un cr\u00e9dito de 1 \u20ac para verificar o teu m\u00e9todo de pago. Non se trata dunha taxa, sen\u00f3n que estar\u00e1 dispo\u00f1ible na t\u00faa conta como cr\u00e9dito de alugueiro. Todos os m\u00e9todos de pago dispo\u00f1ibles aparecen na aplicaci\u00f3n.<\/p>\n<p>Despois de realizar o cargo con \u00e9xito, a t\u00faa conta de cliente activarase inmediatamente. S\u00f3 se realizas unha transferencia bancaria, a t\u00faa conta activarase ao cabo de dous a catro d\u00edas, dependendo do banco.<\/p>\n<\/div><\/div><div class=\"ppi_col-xs-12 ppi_col-md-6 faqs__items__column\"><h6 id=\"faq-1-rexistro-1452\" class=\"faqs__accordion\" tabindex=\"0\" role=\"button\" aria-expanded=\"false\" aria-controls=\"faq-panel-1-rexistro-1452\"><i role=\"presentation\" class=\"icon icon-plus\"><\/i>\u00bfComo podo rexistrarme?<\/h6><div id=\"faq-panel-1-rexistro-1452\" class=\"faqs__panel\" role=\"region\" aria-labelledby=\"faq-1-rexistro-1452\"><p>Podes inscribirte a trav\u00e9s do sitio web ou da aplicaci\u00f3n.<\/p>\n<\/div><\/div><\/div><div class=\"ppi_row faqs__items__row\"><div class=\"ppi_col-xs-12\"><h3>Conta de cliente<\/h3><\/div><div class=\"ppi_col-xs-12 ppi_col-md-6 faqs__items__column\"><h6 id=\"faq-1-conta-de-cliente-1461\" class=\"faqs__accordion\" tabindex=\"0\" role=\"button\" aria-expanded=\"false\" aria-controls=\"faq-panel-1-conta-de-cliente-1461\"><i role=\"presentation\" class=\"icon icon-plus\"><\/i>\u00bfCando recibirei as mi\u00f1as facturas?<\/h6><div id=\"faq-panel-1-conta-de-cliente-1461\" class=\"faqs__panel\" role=\"region\" aria-labelledby=\"faq-1-conta-de-cliente-1461\"><p>As facturas s\u00f3 est\u00e1n dispo\u00f1ibles para os cargos directos SEPA. Pode descargar as s\u00faas facturas unha vez finalizado o mes correspondente na s\u00faa conta de cliente a trav\u00e9s do sitio web en \u201cEstado da conta\u201d.<\/p>\n<\/div><h6 id=\"faq-1-conta-de-cliente-1459\" class=\"faqs__accordion\" tabindex=\"0\" role=\"button\" aria-expanded=\"false\" aria-controls=\"faq-panel-1-conta-de-cliente-1459\"><i role=\"presentation\" class=\"icon icon-plus\"><\/i>\u00bfPor que a mi\u00f1a conta non lembra os meus datos de PayPal?<\/h6><div id=\"faq-panel-1-conta-de-cliente-1459\" class=\"faqs__panel\" role=\"region\" aria-labelledby=\"faq-1-conta-de-cliente-1459\"><p>\u00c9 probable que a t\u00faa conta PayPal no estea verificada. Para m\u00e1is informaci\u00f3n, visita PayPal.<\/p>\n<\/div><h6 id=\"faq-1-conta-de-cliente-1468\" class=\"faqs__accordion\" tabindex=\"0\" role=\"button\" aria-expanded=\"false\" aria-controls=\"faq-panel-1-conta-de-cliente-1468\"><i role=\"presentation\" class=\"icon icon-plus\"><\/i>\u00bfComo podo po\u00f1erme en contacto co servizo de atenci\u00f3n ao cliente?<\/h6><div id=\"faq-panel-1-conta-de-cliente-1468\" class=\"faqs__panel\" role=\"region\" aria-labelledby=\"faq-1-conta-de-cliente-1468\"><p>Podes po\u00f1erte en contacto co servizo de atenci\u00f3n ao cliente de biciArteixo chamando ao <a class=\"faq-intro__phone\" href=\"tel:+34638271990\">+34 638271990<\/a>, ao <a class=\"faq-intro__phone\" href=\"mailto:biciarteixo@sumarte.gal\">biciarteixo@sumarte.gal<\/a> ou a trav\u00e9s da funci\u00f3n de Soporte da app.<\/p>\n<\/div><h6 id=\"faq-1-conta-de-cliente-1465\" class=\"faqs__accordion\" tabindex=\"0\" role=\"button\" aria-expanded=\"false\" aria-controls=\"faq-panel-1-conta-de-cliente-1465\"><i role=\"presentation\" class=\"icon icon-plus\"><\/i>\u00bfComo podo cancelar a mi\u00f1a conta e que ocorre co meu saldo restante?<\/h6><div id=\"faq-panel-1-conta-de-cliente-1465\" class=\"faqs__panel\" role=\"region\" aria-labelledby=\"faq-1-conta-de-cliente-1465\"><p>Podes cancelar a t\u00faa conta na configuraci\u00f3n da aplicaci\u00f3n ou iniciando sesi\u00f3n no noso sitio web.<\/p>\n<p>Tam\u00e9n podes enviarnos a t\u00faa cancelaci\u00f3n por correo electr\u00f3nico a <a class=\"faq-intro__phone\" href=\"mailto:biciarteixo@sumarte.gal\">biciarteixo@sumarte.gal<\/a> ou por correo postal (enderezo no p\u00e9 de p\u00e1xina do sitio web).<\/p>\n<p>Reembolsarase calquera saldo restante. As excepci\u00f3n a esta norma son, por regra xeral, os cr\u00e9ditos de viaxe adquiridos a trav\u00e9s de programas de fidelizaci\u00f3n ou similares. Estes non son reembolsables.<br \/>\nTam\u00e9n podes enviarnos a t\u00faa cancelaci\u00f3n por correo electr\u00f3nico a <a class=\"faq-intro__phone\" href=\"mailto:biciarteixo@sumarte.gal\">biciarteixo@sumarte.gal<\/a> ou por correo postal (atopar\u00e1 o enderezo no p\u00e9 de p\u00e1xina do sitio web).<\/p>\n<\/div><h6 id=\"faq-61-conta-de-cliente-816\" class=\"faqs__accordion\" tabindex=\"0\" role=\"button\" aria-expanded=\"false\" aria-controls=\"faq-panel-61-conta-de-cliente-816\"><i role=\"presentation\" class=\"icon icon-plus\"><\/i>\u00bfQue ocorre se a mi\u00f1a conta de cliente est\u00e1 en n\u00fameros vermellos?<\/h6><div id=\"faq-panel-61-conta-de-cliente-816\" class=\"faqs__panel\" role=\"region\" aria-labelledby=\"faq-61-conta-de-cliente-816\"><p>Se a t\u00faa conta entra en n\u00fameros vermellos porque non se poden cargar as cantidades pendentes, a t\u00faa conta desactivarase temporalmente ata que se pague a cantidade pendente. Por favor, comproba se tes un medio de pago v\u00e1lido.<\/p>\n<\/div><\/div><div class=\"ppi_col-xs-12 ppi_col-md-6 faqs__items__column\"><h6 id=\"faq-1-conta-de-cliente-1460\" class=\"faqs__accordion\" tabindex=\"0\" role=\"button\" aria-expanded=\"false\" aria-controls=\"faq-panel-1-conta-de-cliente-1460\"><i role=\"presentation\" class=\"icon icon-plus\"><\/i>\u00bfPor que se desactivou a mi\u00f1a conta?<\/h6><div id=\"faq-panel-1-conta-de-cliente-1460\" class=\"faqs__panel\" role=\"region\" aria-labelledby=\"faq-1-conta-de-cliente-1460\"><p>Probablemente no se puideron cargar sumas pendentes na t\u00faa conta bancaria ou non hai ning\u00fan medio de pago depositado. Compr\u00f3bao na t\u00faa conta de cliente e ponte en contacto co servizo de atenci\u00f3n ao cliente en caso de d\u00fabida.<\/p>\n<\/div><h6 id=\"faq-1-conta-de-cliente-1469\" class=\"faqs__accordion\" tabindex=\"0\" role=\"button\" aria-expanded=\"false\" aria-controls=\"faq-panel-1-conta-de-cliente-1469\"><i role=\"presentation\" class=\"icon icon-plus\"><\/i>Descubr\u00edn un cargo incorrecto na mi\u00f1a conta de cliente, \u00bfque podo facer?<\/h6><div id=\"faq-panel-1-conta-de-cliente-1469\" class=\"faqs__panel\" role=\"region\" aria-labelledby=\"faq-1-conta-de-cliente-1469\"><p>Ponte en contacto co noso servizo de atenci\u00f3n ao cliente pola app, li\u00f1a directa ou correo electr\u00f3nico para corrixir calquera erro de c\u00e1lculo. Por favor, facil\u00edtanos toda a informaci\u00f3n necesaria sobre o alugueiro \/ tarifa \/ conta de cliente para poder entender o caso. Podes po\u00f1erte en contacto co noso servizo de atenci\u00f3n ao cliente a trav\u00e9s da app no apartado de asistencia, a trav\u00e9s da li\u00f1a directa que aparece ao p\u00e9 de p\u00e1xina do sitio web do sistema ou a trav\u00e9s do <a class=\"faq-intro__phone\" href=\"mailto:biciarteixo@sumarte.gal\">biciarteixo@sumarte.gal<\/a>.<\/p>\n<\/div><h6 id=\"faq-1-conta-de-cliente-1466\" class=\"faqs__accordion\" tabindex=\"0\" role=\"button\" aria-expanded=\"false\" aria-controls=\"faq-panel-1-conta-de-cliente-1466\"><i role=\"presentation\" class=\"icon icon-plus\"><\/i>\u00bfComo pago por biciArteixo, como se realiza a facturaci\u00f3n e onde podo recuperar as facturas das mi\u00f1as viaxes?<\/h6><div id=\"faq-panel-1-conta-de-cliente-1466\" class=\"faqs__panel\" role=\"region\" aria-labelledby=\"faq-1-conta-de-cliente-1466\"><p>Se especificaches unha tarxeta de cr\u00e9dito como forma de pago, as taxas das t\u00faas viaxes cargaranse normalmente 24 horas despois do teu alugueiro.<\/p>\n<p>Co m\u00e9todo de pago por domiciliaci\u00f3n bancaria, cargamos mensualmente as taxas pendentes na t\u00faa conta bancaria.<\/p>\n<p>Podes ver o teu historial de alugueiro e as facturas domiciliadas na t\u00faa conta de cliente en calquera momento. Accede a trav\u00e9s do sitio web. Ten en conta que as t\u00faas facturas s\u00f3 est\u00e1n dispo\u00f1ibles unha vez finalizado o mes.<\/p>\n<\/div><h6 id=\"faq-1-conta-de-cliente-1462\" class=\"faqs__accordion\" tabindex=\"0\" role=\"button\" aria-expanded=\"false\" aria-controls=\"faq-panel-1-conta-de-cliente-1462\"><i role=\"presentation\" class=\"icon icon-plus\"><\/i>\u00bfComo podo cambiar o meu n\u00famero de tel\u00e9fono?<\/h6><div id=\"faq-panel-1-conta-de-cliente-1462\" class=\"faqs__panel\" role=\"region\" aria-labelledby=\"faq-1-conta-de-cliente-1462\"><p>Para cambiar o teu n\u00famero de tel\u00e9fono, ponte en contacto co noso servizo de atenci\u00f3n ao cliente a trav\u00e9s do <a class=\"faq-intro__phone\" href=\"mailto:biciarteixo@sumarte.gal\">biciarteixo@sumarte.gal<\/a>. Env\u00eda o correo electr\u00f3nico desde o enderezo de correo electr\u00f3nico que utilizas na t\u00faa conta.<\/p>\n<\/div><h6 id=\"faq-61-conta-de-cliente-813\" class=\"faqs__accordion\" tabindex=\"0\" role=\"button\" aria-expanded=\"false\" aria-controls=\"faq-panel-61-conta-de-cliente-813\"><i role=\"presentation\" class=\"icon icon-plus\"><\/i>\u00bfComo activo a mi\u00f1a conta de cliente?<\/h6><div id=\"faq-panel-61-conta-de-cliente-813\" class=\"faqs__panel\" role=\"region\" aria-labelledby=\"faq-61-conta-de-cliente-813\"><p>Para activar a t\u00faa conta de cliente, tes que engadir un m\u00e9todo de pago a t\u00faa conta de cliente. Depositaremos un cr\u00e9dito de 1 \u20ac para verificar o teu m\u00e9todo de pago. Non se trata dunha taxa, sen\u00f3n que estar\u00e1 dispo\u00f1ible na t\u00faa conta como cr\u00e9dito de alugueiro. Todos os m\u00e9todos de pago dispo\u00f1ibles aparecen na aplicaci\u00f3n.<\/p>\n<p>Despois de realizar o cargo con \u00e9xito, a t\u00faa conta de cliente activarase inmediatamente. S\u00f3 se realizas unha transferencia bancaria, a t\u00faa conta activarase ao cabo de dous a catro d\u00edas, dependendo do banco.<\/p>\n<\/div><\/div><\/div><div class=\"ppi_row faqs__items__row\"><div class=\"ppi_col-xs-12\"><h3>Alugar, aparcar e devolver<\/h3><\/div><div class=\"ppi_col-xs-12 ppi_col-md-6 faqs__items__column\"><h6 id=\"faq-1-alugar-aparcar-e-devolver-1486\" class=\"faqs__accordion\" tabindex=\"0\" role=\"button\" aria-expanded=\"false\" aria-controls=\"faq-panel-1-alugar-aparcar-e-devolver-1486\"><i role=\"presentation\" class=\"icon icon-plus\"><\/i>\u00bfPodo alugar a mi\u00f1a bicicleta nunha cidade e devolvela noutra?<\/h6><div id=\"faq-panel-1-alugar-aparcar-e-devolver-1486\" class=\"faqs__panel\" role=\"region\" aria-labelledby=\"faq-1-alugar-aparcar-e-devolver-1486\"><p>A bicicleta s\u00f3 se pode devolver na cidade onde a alugaches; noutro caso, aplicarase unha taxa de devoluci\u00f3n. As excepci\u00f3ns son os sistemas interconectados. As normas de devoluci\u00f3n comun\u00edcanse no sitio web respectivo do sistema, que podes atopar mediante a busca de localizaci\u00f3n.<\/p>\n<\/div><h6 id=\"faq-1-alugar-aparcar-e-devolver-1480\" class=\"faqs__accordion\" tabindex=\"0\" role=\"button\" aria-expanded=\"false\" aria-controls=\"faq-panel-1-alugar-aparcar-e-devolver-1480\"><i role=\"presentation\" class=\"icon icon-plus\"><\/i>Como reco\u00f1ecer unha estaci\u00f3n oficial?<\/h6><div id=\"faq-panel-1-alugar-aparcar-e-devolver-1480\" class=\"faqs__panel\" role=\"region\" aria-labelledby=\"faq-1-alugar-aparcar-e-devolver-1480\"><p><img loading=\"lazy\" decoding=\"async\" class=\"\" src=\".\/wp-content\/uploads\/2025\/04\/OctopusVehiclePins.png\" width=\"82\" height=\"82\" \/><\/p>\n<p>As\u00ed \u00e9 como se ven as bicicletas individuais no mapa. Dependendo do sistema, poden ser de diferentes cores. \u00c9 posible que haxa s\u00edmbolos adicionais para bicicletas el\u00e9ctricas ou bicicletas de carga, dependendo do sistema.<\/p>\n<p><img loading=\"lazy\" decoding=\"async\" class=\"\" src=\".\/wp-content\/uploads\/2025\/04\/StationPins-1.png\" width=\"121\" height=\"71\" \/><\/p>\n<p>As\u00ed \u00e9 como se ven as estaci\u00f3ns no mapa. Dependendo do sistema, poden ter diferentes cores. \u00c9 posible que haxa s\u00edmbolos adicionais para bicicletas el\u00e9ctricas ou bicicletas de carga, dependendo do sistema.<\/p>\n<\/div><h6 id=\"faq-1-alugar-aparcar-e-devolver-1477\" class=\"faqs__accordion\" tabindex=\"0\" role=\"button\" aria-expanded=\"false\" aria-controls=\"faq-panel-1-alugar-aparcar-e-devolver-1477\"><i role=\"presentation\" class=\"icon icon-plus\"><\/i>\u00bfComo devolvo a mi\u00f1a bicicleta correctamente?<\/h6><div id=\"faq-panel-1-alugar-aparcar-e-devolver-1477\" class=\"faqs__panel\" role=\"region\" aria-labelledby=\"faq-1-alugar-aparcar-e-devolver-1477\"><p>Si a estaci\u00f3n non ten portabicicletas fixos, a bici bloquear\u00e1se a s\u00ed mesma.<\/p>\n<p>Como norma xeral, ninguen debe ser molestado pola bici aparcada.<br \/>\nTen en conta o seguinte:<\/p>\n<p>A bicicleta non pode aparcarse nin devolverse<br \/>\na) en sem\u00e1foros<br \/>\nb) en m\u00e1quinas expendedoras de tickets ou parqu\u00edmetros<br \/>\nc) en sinais de tr\u00e1fico<br \/>\nd) en beirarr&#8217;uas, se ilo da lugar a unha anchura de paso inferior a 1,50 m<br \/>\ne) diante de, en ou sobre v\u00edas de evacuaci\u00f3n e zonas de acceso de bombeiros<br \/>\nf) cando ilo oculte a publicidad fixa dun terceiro<br \/>\ng) en valados de casas e establecementos privados ou p\u00fablicos<br \/>\nh) en andenes de transportes p\u00fablicos e plataformas de autobuses<br \/>\ni) en aparcamentos p\u00fablicos de bicicletas<\/p>\n<p>En caso de contravenci\u00f3n, reserv&#8217;amonos o dereito a cobrar una taxa de servizo.<\/p>\n<\/div><h6 id=\"faq-1-alugar-aparcar-e-devolver-1487\" class=\"faqs__accordion\" tabindex=\"0\" role=\"button\" aria-expanded=\"false\" aria-controls=\"faq-panel-1-alugar-aparcar-e-devolver-1487\"><i role=\"presentation\" class=\"icon icon-plus\"><\/i>A pechadura do marco non se abre. \u00bfQue debo facer?<\/h6><div id=\"faq-panel-1-alugar-aparcar-e-devolver-1487\" class=\"faqs__panel\" role=\"region\" aria-labelledby=\"faq-1-alugar-aparcar-e-devolver-1487\"><p>Primeiro comproba se hai alg\u00fan radio bloqueando o cadeado virando lixeiramente a roda traseira. A continuaci\u00f3n, abre o alugueiro activo no teu app e pulsa &#8220;&#8221;abrir pechadura&#8221;&#8221;. Iniciarase de novo o desbloqueo.<\/p>\n<p>Se o cadeado do cadro non se abre mesmo despois doutro intento de abrilo mediante a app, o noso sistema det\u00e9ctao automaticamente ao cabo de tres minutos e cancela o alugueiro. Non se aplicar\u00e1 ning\u00fan custo. Comproba a cancelaci\u00f3n na t\u00faa aplicaci\u00f3n e ponte en contacto co noso servizo de atenci\u00f3n ao cliente se segue activa despois de tres minutos.<\/p>\n<\/div><h6 id=\"faq-1-alugar-aparcar-e-devolver-1473\" class=\"faqs__accordion\" tabindex=\"0\" role=\"button\" aria-expanded=\"false\" aria-controls=\"faq-panel-1-alugar-aparcar-e-devolver-1473\"><i role=\"presentation\" class=\"icon icon-plus\"><\/i>\u00bfComo funciona biciArteixo?<\/h6><div id=\"faq-panel-1-alugar-aparcar-e-devolver-1473\" class=\"faqs__panel\" role=\"region\" aria-labelledby=\"faq-1-alugar-aparcar-e-devolver-1473\"><p>Rex\u00edstrate f\u00e1cil e gratuitamente a trav\u00e9s da app ou da p\u00e1xina web. As bicicletas poden alugarse a trav\u00e9s da aplicaci\u00f3n nextbike ou da li\u00f1a de atenci\u00f3n telef\u00f3nica.<\/p>\n<\/div><h6 id=\"faq-61-alugar-aparcar-e-devolver-825\" class=\"faqs__accordion\" tabindex=\"0\" role=\"button\" aria-expanded=\"false\" aria-controls=\"faq-panel-61-alugar-aparcar-e-devolver-825\"><i role=\"presentation\" class=\"icon icon-plus\"><\/i>\u00bfPodo pausar a mi\u00f1a bicicleta durante o alugueiro?<\/h6><div id=\"faq-panel-61-alugar-aparcar-e-devolver-825\" class=\"faqs__panel\" role=\"region\" aria-labelledby=\"faq-61-alugar-aparcar-e-devolver-825\"><p>Se \u00e9 posible.<br \/>\nActiva o modo de aparcamento na aplicaci\u00f3n e despois pecha o bloqueo (atenci\u00f3n: se o pechas antes de que se desactive o modo de aparcamento, a bicicleta ser\u00e1 devolta inmediatamente). Para continuar en bicicleta, finaliza o modo de aparcamento na aplicaci\u00f3n e o bloqueo abrirase automaticamente. Nunca remates o modo de aparcamento desde lonxe.<\/p>\n<\/div><h6 id=\"faq-61-alugar-aparcar-e-devolver-819\" class=\"faqs__accordion\" tabindex=\"0\" role=\"button\" aria-expanded=\"false\" aria-controls=\"faq-panel-61-alugar-aparcar-e-devolver-819\"><i role=\"presentation\" class=\"icon icon-plus\"><\/i>\u00bfComo devolvo a mi\u00f1a bicicleta biciArteixo?<\/h6><div id=\"faq-panel-61-alugar-aparcar-e-devolver-819\" class=\"faqs__panel\" role=\"region\" aria-labelledby=\"faq-61-alugar-aparcar-e-devolver-819\"><p>Coloca a bicicleta nunha estaci\u00f3n do sistema respectivo e bloqu\u00e9aa.<\/p>\n<p>Pecha o Cadeado de cadro.<\/p>\n<p>En todos os casos, utiliza a aplicaci\u00f3n para comprobar se a devoluci\u00f3n realizouse correctamente e informa inmediatamente o servizo de atenci\u00f3n ao cliente se non \u00e9 as\u00ed.<\/p>\n<\/div><\/div><div class=\"ppi_col-xs-12 ppi_col-md-6 faqs__items__column\"><h6 id=\"faq-1-alugar-aparcar-e-devolver-1483\" class=\"faqs__accordion\" tabindex=\"0\" role=\"button\" aria-expanded=\"false\" aria-controls=\"faq-panel-1-alugar-aparcar-e-devolver-1483\"><i role=\"presentation\" class=\"icon icon-plus\"><\/i>\u00bfPodo alugar bicicletas biciArteixo sen unha aplicaci\u00f3n ou sen un tel\u00e9fono m\u00f3bil con conexi\u00f3n a Internet?<\/h6><div id=\"faq-panel-1-alugar-aparcar-e-devolver-1483\" class=\"faqs__panel\" role=\"region\" aria-labelledby=\"faq-1-alugar-aparcar-e-devolver-1483\"><p>Si, as bicicletas poden alugarse alternativamente a trav\u00e9s da li\u00f1a directa naqueles sistemas que as\u00ed o te\u00f1an establecido. Se o sistema local disp\u00f3n de terminais ou BikeComputers, tam\u00e9n poden utilizarse para o alugueiro e a devoluci\u00f3n.<\/p>\n<\/div><h6 id=\"faq-1-alugar-aparcar-e-devolver-1478\" class=\"faqs__accordion\" tabindex=\"0\" role=\"button\" aria-expanded=\"false\" aria-controls=\"faq-panel-1-alugar-aparcar-e-devolver-1478\"><i role=\"presentation\" class=\"icon icon-plus\"><\/i>\u00bfQue debo facer se a mi\u00f1a bicicleta ten un defecto?<\/h6><div id=\"faq-panel-1-alugar-aparcar-e-devolver-1478\" class=\"faqs__panel\" role=\"region\" aria-labelledby=\"faq-1-alugar-aparcar-e-devolver-1478\"><p>Os defectos p\u00f3dense comunicar facilmente ao noso servizo de atenci\u00f3n ao cliente a trav\u00e9s da funci\u00f3n de feedback da aplicaci\u00f3n, a li\u00f1a directa ou o correo electr\u00f3nico. Por favor, comproba que a bicicleta non te\u00f1a defectos evidentes antes de comezar a viaxe ou antes de alugala e inf\u00f3rmenos de calquera dano para que as bicicletas poidan bloquearse e repararse canto antes. Se te fuches cunha bicicleta e s\u00f3 ent\u00f3n notaches un defecto, termina a t\u00faa viaxe e chama ao noso servizo. S\u00f3 ent\u00f3n poderemos cancelar a viaxe e rexistrar a bicicleta para a s\u00faa reparaci\u00f3n.<\/p>\n<p>Desafortunadamente, non podemos reembolsar ning\u00fan custo se continuaches usando a bicicleta a pesar dos defectos obvios.<\/p>\n<\/div><h6 id=\"faq-1-alugar-aparcar-e-devolver-1489\" class=\"faqs__accordion\" tabindex=\"0\" role=\"button\" aria-expanded=\"false\" aria-controls=\"faq-panel-1-alugar-aparcar-e-devolver-1489\"><i role=\"presentation\" class=\"icon icon-plus\"><\/i>A devoluci\u00f3n non se realizou correctamente. \u00bfQue debo facer?<\/h6><div id=\"faq-panel-1-alugar-aparcar-e-devolver-1489\" class=\"faqs__panel\" role=\"region\" aria-labelledby=\"faq-1-alugar-aparcar-e-devolver-1489\"><p>Por favor, informe a atenci\u00f3n ao cliente, v\u00eda app ou ao noso tel\u00e9fono directo. Anote o n\u00famero da bicicleta, a localizaci\u00f3n e o tempo de uso actual cando a quixo devolver.<\/p>\n<\/div><h6 id=\"faq-1-alugar-aparcar-e-devolver-1475\" class=\"faqs__accordion\" tabindex=\"0\" role=\"button\" aria-expanded=\"false\" aria-controls=\"faq-panel-1-alugar-aparcar-e-devolver-1475\"><i role=\"presentation\" class=\"icon icon-plus\"><\/i>\u00bfComo devolvo a mi\u00f1a bicicleta correctamente?<\/h6><div id=\"faq-panel-1-alugar-aparcar-e-devolver-1475\" class=\"faqs__panel\" role=\"region\" aria-labelledby=\"faq-1-alugar-aparcar-e-devolver-1475\"><p><span data-sheets-root=\"1\">Si a estaci\u00f3n non ten portabicicletas fixos, a bici bloquear\u00e1se a s\u00ed mesma.<\/span><\/p>\n<p>Como norma xeral, ninguen debe ser molestado pola bici aparcada.<br \/>\nTen en conta o seguinte:<\/p>\n<p>A bicicleta non pode aparcarse nin devolverse<br \/>\na) en sem\u00e1foros<br \/>\nb) en m\u00e1quinas expendedoras de tickets ou parqu\u00edmetros<br \/>\nc) en sinais de tr\u00e1fico<br \/>\nd) en beirarr&#8217;uas, se ilo da lugar a unha anchura de paso inferior a 1,50 m<br \/>\ne) diante de, en ou sobre v\u00edas de evacuaci\u00f3n e zonas de acceso de bombeiros<br \/>\nf) cando ilo oculte a publicidad fixa dun terceiro<br \/>\ng) en valados de casas e establecementos privados ou p\u00fablicos<br \/>\nh) en andenes de transportes p\u00fablicos e plataformas de autobuses<br \/>\ni) en aparcamentos p\u00fablicos de bicicletas<\/p>\n<p>En caso de contravenci\u00f3n, reserv&#8217;amonos o dereito a cobrar una taxa de servizo.<\/p>\n<\/div><h6 id=\"faq-61-alugar-aparcar-e-devolver-828\" class=\"faqs__accordion\" tabindex=\"0\" role=\"button\" aria-expanded=\"false\" aria-controls=\"faq-panel-61-alugar-aparcar-e-devolver-828\"><i role=\"presentation\" class=\"icon icon-plus\"><\/i>\u00bfPodo alugar varias bicicletas ao mesmo tempo cunha soa conta de cliente?<\/h6><div id=\"faq-panel-61-alugar-aparcar-e-devolver-828\" class=\"faqs__panel\" role=\"region\" aria-labelledby=\"faq-61-alugar-aparcar-e-devolver-828\"><p>Nalg\u00fans sistemas puedes alugar ata catro bicicletas \u00e1 vez utilizando unha conta de cliente. Neses casos, as taxas reservadas e as condici\u00f3ns especiais normalmente s\u00f3 se aplican \u00e1 primeira bicicleta. Noutros, como no servizo biciArteixo, s\u00f3 podes alugar unha bicicleta coa t\u00faa conta de cliente.<\/p>\n<\/div><h6 id=\"faq-61-alugar-aparcar-e-devolver-822\" class=\"faqs__accordion\" tabindex=\"0\" role=\"button\" aria-expanded=\"false\" aria-controls=\"faq-panel-61-alugar-aparcar-e-devolver-822\"><i role=\"presentation\" class=\"icon icon-plus\"><\/i>\u00bfQue sucede se devolvo a mi\u00f1a bicicleta lonxe das estaci\u00f3ns?<\/h6><div id=\"faq-panel-61-alugar-aparcar-e-devolver-822\" class=\"faqs__panel\" role=\"region\" aria-labelledby=\"faq-61-alugar-aparcar-e-devolver-822\"><p>Se devolves a t\u00faa bicicleta sen permiso, o xestor do servizo reservase o dereito de cobrar unha comisi\u00f3n de servizo. <\/p>\n<\/div><\/div><\/div><div class=\"ppi_row faqs__items__row\"><div class=\"ppi_col-xs-12\"><h3>As nosas bicicletas<\/h3><\/div><div class=\"ppi_col-xs-12 ppi_col-md-6 faqs__items__column\"><h6 id=\"faq-1-as-nosas-bicicletas-1492\" class=\"faqs__accordion\" tabindex=\"0\" role=\"button\" aria-expanded=\"false\" aria-controls=\"faq-panel-1-as-nosas-bicicletas-1492\"><i role=\"presentation\" class=\"icon icon-plus\"><\/i>\u00bfOfrece biciArteixo bicicletas, cascos e remolques para nenos?<\/h6><div id=\"faq-panel-1-as-nosas-bicicletas-1492\" class=\"faqs__panel\" role=\"region\" aria-labelledby=\"faq-1-as-nosas-bicicletas-1492\"><p>Por regra xeral, nextbike e as s\u00faas submarcas como biciArteixo non ofrecen accesorios. Excepci\u00f3n: Nas estaci\u00f3ns PLUS da illa de Usedom podes alugar bicicletas para nenos, cascos e remolques. Veturilo Varsovia tam\u00e9n ten bicicletas para nenos e t\u00e1ndems.<\/p>\n<\/div><h6 id=\"faq-61-as-nosas-bicicletas-831\" class=\"faqs__accordion\" tabindex=\"0\" role=\"button\" aria-expanded=\"false\" aria-controls=\"faq-panel-61-as-nosas-bicicletas-831\"><i role=\"presentation\" class=\"icon icon-plus\"><\/i>\u00bfQu\u00e9 tipos de bicicletas ofrece biciArteixo?<\/h6><div id=\"faq-panel-61-as-nosas-bicicletas-831\" class=\"faqs__panel\" role=\"region\" aria-labelledby=\"faq-61-as-nosas-bicicletas-831\"><p>Nextbike disp\u00f3n de diferentes tipos de bicicletas dependendo da cidade na que se atope o servizo. A flota de bicicletas do servizo biciArteixo inclue tanto bicicletas convencionais, como bicicletas el\u00e9ctricas, con asistencia ao pedaleo. Concretamente, o modelo e-SMARTbike 2.0, que ofrece a facilidade para maniobrar de xeito \u00e1xil e seguro, mantendo o control da bicicleta, nun entorno urban, e conta cun motor central situado na posici\u00f3n m\u00e1is baixa da bicicleta. Grazas a esta configuraci\u00f3n, cando o usuario utiliza a bicicleta, config&#8217;urase un centro de gravidade baixo que fai que a posici\u00f3n corporal sexa m\u00e1is vertical, o que garante que o usuario se sinta seguro durante o traxecto e mellore a sua experiencia na conduci\u00f3n e maniobrabilidade, sobre todo nas curvas e terreos m\u00e1is complicados. Isto axuda a mellorar a sua conduci\u00f3n xeral, xa que o peso distribuese mellor ao lango da bicicleta.<\/p>\n<\/div><\/div><div class=\"ppi_col-xs-12 ppi_col-md-6 faqs__items__column\"><h6 id=\"faq-1-as-nosas-bicicletas-1490\" class=\"faqs__accordion\" tabindex=\"0\" role=\"button\" aria-expanded=\"false\" aria-controls=\"faq-panel-1-as-nosas-bicicletas-1490\"><i role=\"presentation\" class=\"icon icon-plus\"><\/i>\u00bfCal \u00e9 a carga m\u00e1xima das bicicletas?<\/h6><div id=\"faq-panel-1-as-nosas-bicicletas-1490\" class=\"faqs__panel\" role=\"region\" aria-labelledby=\"faq-1-as-nosas-bicicletas-1490\"><p>A carga m\u00e1xima das nosas bicicletas e e-bikes \u00e9 de 100 kg, dos cales un m\u00e1ximo de 5 kg poden transportarse na cesta.<\/p>\n<p>Atopa a informaci\u00f3n sobre a carga m\u00e1xima das cargobikes nos adhesivos das caixas de transporte.<\/p>\n<\/div><\/div><\/div><div class=\"ppi_row faqs__items__row\"><div class=\"ppi_col-xs-12\"><h3>Tarifas e condici\u00f3ns<\/h3><\/div><div class=\"ppi_col-xs-12 ppi_col-md-6 faqs__items__column\"><h6 id=\"faq-1-tarifas-e-condicins-1499\" class=\"faqs__accordion\" tabindex=\"0\" role=\"button\" aria-expanded=\"false\" aria-controls=\"faq-panel-1-tarifas-e-condicins-1499\"><i role=\"presentation\" class=\"icon icon-plus\"><\/i>\u00bfHai descontos para estudantes?<\/h6><div id=\"faq-panel-1-tarifas-e-condicins-1499\" class=\"faqs__panel\" role=\"region\" aria-labelledby=\"faq-1-tarifas-e-condicins-1499\"><p>Colaboramos con moitas universidades e escolas superiores alem\u00e1s a trav\u00e9s de CAMPUSbike para ofrecer aos estudantes un continxente de transporte gratu\u00edto. Pode pescudar se a s\u00faa universidade tam\u00e9n \u00e9 membro na p\u00e1xina de CAMPUSbike. Faga clic na s\u00faa universidade para ir \u00e1 p\u00e1xina CampusBike do sistema respectivo. Al\u00ed poder\u00e1 ler como funciona a ligaz\u00f3n.<\/p>\n<\/div><h6 id=\"faq-1-tarifas-e-condicins-1496\" class=\"faqs__accordion\" tabindex=\"0\" role=\"button\" aria-expanded=\"false\" aria-controls=\"faq-panel-1-tarifas-e-condicins-1496\"><i role=\"presentation\" class=\"icon icon-plus\"><\/i>\u00bfComo podo anular as tarifas?<\/h6><div id=\"faq-panel-1-tarifas-e-condicins-1496\" class=\"faqs__panel\" role=\"region\" aria-labelledby=\"faq-1-tarifas-e-condicins-1496\"><p>As tarifas que non se prorrogan automaticamente non te\u00f1en que cancelarse. As tarifas con renovaci\u00f3n autom\u00e1tica p\u00f3dense cancelar na aplicaci\u00f3n.<\/p>\n<\/div><h6 id=\"faq-1-tarifas-e-condicins-1494\" class=\"faqs__accordion\" tabindex=\"0\" role=\"button\" aria-expanded=\"false\" aria-controls=\"faq-panel-1-tarifas-e-condicins-1494\"><i role=\"presentation\" class=\"icon icon-plus\"><\/i>\u00bfCanto costa biciArteixo e que tarifas hai dispo\u00f1ibles?<\/h6><div id=\"faq-panel-1-tarifas-e-condicins-1494\" class=\"faqs__panel\" role=\"region\" aria-labelledby=\"faq-1-tarifas-e-condicins-1494\"><p>Dependendo do sistema, as tarifas e os prezos dispo\u00f1ibles poden variar. Normalmente, ofr\u00e9cese unha tarifa mensual e anual, ademais da tarifa b\u00e1sica. En moitas cidades, tam\u00e9n hai condici\u00f3ns especiais para abonados ao transporte p\u00fablico e estudantes. Podes consultar as tarifas dispo\u00f1ibles no sitio web correspondente do sistema. Se non co\u00f1eces o sitio web do sistema, utiliza a busca por localizaci\u00f3n.<\/p>\n<p>As nosas tarifas anuais adoitan prolongarse automaticamente e poden cancelarse en calquera momento a trav\u00e9s da app. As tarifas mensuais non se prolongan automaticamente.<\/p>\n<\/div><\/div><div class=\"ppi_col-xs-12 ppi_col-md-6 faqs__items__column\"><h6 id=\"faq-1-tarifas-e-condicins-1497\" class=\"faqs__accordion\" tabindex=\"0\" role=\"button\" aria-expanded=\"false\" aria-controls=\"faq-panel-1-tarifas-e-condicins-1497\"><i role=\"presentation\" class=\"icon icon-plus\"><\/i>\u00bfComo podo beneficiarme de condici\u00f3ns especiais grazas \u00e1 cooperaci\u00f3n?<\/h6><div id=\"faq-panel-1-tarifas-e-condicins-1497\" class=\"faqs__panel\" role=\"region\" aria-labelledby=\"faq-1-tarifas-e-condicins-1497\"><p>As ligaz\u00f3ns a socios para beneficiarse de condici\u00f3ns especiais p\u00f3dense facer a trav\u00e9s da selecci\u00f3n de socio na conta de cliente ou rexistr\u00e1ndose cunha direcci\u00f3n de correo electr\u00f3nico espec\u00edfica, como a direcci\u00f3n de correo electr\u00f3nico da universidade ou unha direcci\u00f3n de correo electr\u00f3nico do traballo. O xeito de facer exactamente unha ligaz\u00f3n p\u00f3dese ler na p\u00e1xina de prezos, CAMPUSbike ou de socio do sitio web respectivo do sistema. Se non co\u00f1eces o sitio web do sistema, utiliza a busca por localizaci\u00f3n.<\/p>\n<\/div><h6 id=\"faq-1-tarifas-e-condicins-1495\" class=\"faqs__accordion\" tabindex=\"0\" role=\"button\" aria-expanded=\"false\" aria-controls=\"faq-panel-1-tarifas-e-condicins-1495\"><i role=\"presentation\" class=\"icon icon-plus\"><\/i>\u00bfComo vinculo a mi\u00f1a conta biciArteixo cun socio para beneficiarme de condici\u00f3ns especiais? \u00bfOnde se aplica o desconto?<\/h6><div id=\"faq-panel-1-tarifas-e-condicins-1495\" class=\"faqs__panel\" role=\"region\" aria-labelledby=\"faq-1-tarifas-e-condicins-1495\"><p>A menos que se indique o contrario, as condici\u00f3ns especiais a trav\u00e9s das cooperaci\u00f3ns asociadas s\u00f3 se aplican na cidade respectiva ou no sistema de rede correspondente. Ademais, o desconto s\u00f3 se aplica \u00e1 primeira bici se se alugan varias bicis en paralelo. Podes consultar as condici\u00f3ns detalladas na p\u00e1xina de prezos, CAMPUSbike ou socio do sitio web respectivo do sistema. Se non co\u00f1eces o sitio web do sistema, utiliza a busca por localizaci\u00f3n.<\/p>\n<\/div><h6 id=\"faq-61-tarifas-e-condicins-834\" class=\"faqs__accordion\" tabindex=\"0\" role=\"button\" aria-expanded=\"false\" aria-controls=\"faq-panel-61-tarifas-e-condicins-834\"><i role=\"presentation\" class=\"icon icon-plus\"><\/i>\u00bfQue condici\u00f3ns ofr\u00e9ceme a tarifa diaria\/semanal\/mensual ou anual?<\/h6><div id=\"faq-panel-61-tarifas-e-condicins-834\" class=\"faqs__panel\" role=\"region\" aria-labelledby=\"faq-61-tarifas-e-condicins-834\"><p>Os prezos, a zona de validez e a informaci\u00f3n sobre a posible pr\u00f3rroga autom\u00e1tica das tarifas poden consultarse no sitio web respectivo do sistema. Se non co\u00f1eces o sitio web do sistema, utiliza a busca por localizaci\u00f3n.<\/p>\n<\/div><\/div><\/div><\/div><\/div>[\/vc_column][\/vc_row]<\/p>\n<\/div>","protected":false},"excerpt":{"rendered":"<p>[vc_row ppi_row_padding=&#8221;ppi_remove_padding_top&#8221;][vc_column][\/vc_column][\/vc_row][vc_row ppi_row_type=&#8221;ppi_bg_black&#8221; full_width=&#8221;stretch_row&#8221;][vc_column][\/vc_column][\/vc_row]<\/p>\n","protected":false},"author":5,"featured_media":0,"parent":0,"menu_order":0,"comment_status":"closed","ping_status":"closed","template":"","meta":{"_acf_changed":false,"inline_featured_image":false,"footnotes":""},"class_list":["post-583","page","type-page","status-publish","hentry"],"acf":[],"yoast_head":"<!-- This site is optimized with the Yoast SEO plugin v27.2 - https:\/\/yoast.com\/product\/yoast-seo-wordpress\/ -->\n<title>Preguntas m\u00e1is frecuentes - Biciarteixo<\/title>\n<meta name=\"robots\" content=\"index, follow, max-snippet:-1, max-image-preview:large, max-video-preview:-1\" \/>\n<link rel=\"canonical\" href=\"https:\/\/www.biciarteixo.com\/gl\/preguntas-mas-frecuentes\/\" \/>\n<meta property=\"og:locale\" content=\"gl_ES\" \/>\n<meta property=\"og:type\" content=\"article\" \/>\n<meta property=\"og:title\" content=\"Preguntas m\u00e1is frecuentes - Biciarteixo\" \/>\n<meta property=\"og:description\" content=\"[vc_row ppi_row_padding=&#8221;ppi_remove_padding_top&#8221;][vc_column][\/vc_column][\/vc_row][vc_row ppi_row_type=&#8221;ppi_bg_black&#8221; full_width=&#8221;stretch_row&#8221;][vc_column][\/vc_column][\/vc_row]\" \/>\n<meta property=\"og:url\" content=\"https:\/\/www.biciarteixo.com\/gl\/preguntas-mas-frecuentes\/\" \/>\n<meta property=\"og:site_name\" content=\"Biciarteixo\" \/>\n<meta property=\"article:modified_time\" content=\"2024-01-03T13:30:57+00:00\" \/>\n<meta name=\"twitter:card\" content=\"summary_large_image\" \/>\n<meta name=\"twitter:label1\" content=\"Tempo de lectura\" \/>\n\t<meta name=\"twitter:data1\" content=\"1 minuto\" \/>\n<script type=\"application\/ld+json\" class=\"yoast-schema-graph\">{\"@context\":\"https:\/\/schema.org\",\"@graph\":[{\"@type\":\"WebPage\",\"@id\":\"https:\/\/www.biciarteixo.com\/gl\/preguntas-mas-frecuentes\/\",\"url\":\"https:\/\/www.biciarteixo.com\/gl\/preguntas-mas-frecuentes\/\",\"name\":\"Preguntas m\u00e1is frecuentes - Biciarteixo\",\"isPartOf\":{\"@id\":\"https:\/\/www.biciarteixo.com\/gl\/#website\"},\"datePublished\":\"2022-08-11T10:13:22+00:00\",\"dateModified\":\"2024-01-03T13:30:57+00:00\",\"breadcrumb\":{\"@id\":\"https:\/\/www.biciarteixo.com\/gl\/preguntas-mas-frecuentes\/#breadcrumb\"},\"inLanguage\":\"gl-ES\",\"potentialAction\":[{\"@type\":\"ReadAction\",\"target\":[\"https:\/\/www.biciarteixo.com\/gl\/preguntas-mas-frecuentes\/\"]}]},{\"@type\":\"BreadcrumbList\",\"@id\":\"https:\/\/www.biciarteixo.com\/gl\/preguntas-mas-frecuentes\/#breadcrumb\",\"itemListElement\":[{\"@type\":\"ListItem\",\"position\":1,\"name\":\"Startseite\",\"item\":\"https:\/\/www.biciarteixo.com\/gl\/\"},{\"@type\":\"ListItem\",\"position\":2,\"name\":\"Preguntas m\u00e1is frecuentes\"}]},{\"@type\":\"WebSite\",\"@id\":\"https:\/\/www.biciarteixo.com\/gl\/#website\",\"url\":\"https:\/\/www.biciarteixo.com\/gl\/\",\"name\":\"Biciarteixo\",\"description\":\"\",\"potentialAction\":[{\"@type\":\"SearchAction\",\"target\":{\"@type\":\"EntryPoint\",\"urlTemplate\":\"https:\/\/www.biciarteixo.com\/gl\/?s={search_term_string}\"},\"query-input\":{\"@type\":\"PropertyValueSpecification\",\"valueRequired\":true,\"valueName\":\"search_term_string\"}}],\"inLanguage\":\"gl-ES\"}]}<\/script>\n<!-- \/ Yoast SEO plugin. -->","yoast_head_json":{"title":"Preguntas m\u00e1is frecuentes - Biciarteixo","robots":{"index":"index","follow":"follow","max-snippet":"max-snippet:-1","max-image-preview":"max-image-preview:large","max-video-preview":"max-video-preview:-1"},"canonical":"https:\/\/www.biciarteixo.com\/gl\/preguntas-mas-frecuentes\/","og_locale":"gl_ES","og_type":"article","og_title":"Preguntas m\u00e1is frecuentes - Biciarteixo","og_description":"[vc_row ppi_row_padding=&#8221;ppi_remove_padding_top&#8221;][vc_column][\/vc_column][\/vc_row][vc_row ppi_row_type=&#8221;ppi_bg_black&#8221; full_width=&#8221;stretch_row&#8221;][vc_column][\/vc_column][\/vc_row]","og_url":"https:\/\/www.biciarteixo.com\/gl\/preguntas-mas-frecuentes\/","og_site_name":"Biciarteixo","article_modified_time":"2024-01-03T13:30:57+00:00","twitter_card":"summary_large_image","twitter_misc":{"Tempo de lectura":"1 minuto"},"schema":{"@context":"https:\/\/schema.org","@graph":[{"@type":"WebPage","@id":"https:\/\/www.biciarteixo.com\/gl\/preguntas-mas-frecuentes\/","url":"https:\/\/www.biciarteixo.com\/gl\/preguntas-mas-frecuentes\/","name":"Preguntas m\u00e1is frecuentes - Biciarteixo","isPartOf":{"@id":"https:\/\/www.biciarteixo.com\/gl\/#website"},"datePublished":"2022-08-11T10:13:22+00:00","dateModified":"2024-01-03T13:30:57+00:00","breadcrumb":{"@id":"https:\/\/www.biciarteixo.com\/gl\/preguntas-mas-frecuentes\/#breadcrumb"},"inLanguage":"gl-ES","potentialAction":[{"@type":"ReadAction","target":["https:\/\/www.biciarteixo.com\/gl\/preguntas-mas-frecuentes\/"]}]},{"@type":"BreadcrumbList","@id":"https:\/\/www.biciarteixo.com\/gl\/preguntas-mas-frecuentes\/#breadcrumb","itemListElement":[{"@type":"ListItem","position":1,"name":"Startseite","item":"https:\/\/www.biciarteixo.com\/gl\/"},{"@type":"ListItem","position":2,"name":"Preguntas m\u00e1is frecuentes"}]},{"@type":"WebSite","@id":"https:\/\/www.biciarteixo.com\/gl\/#website","url":"https:\/\/www.biciarteixo.com\/gl\/","name":"Biciarteixo","description":"","potentialAction":[{"@type":"SearchAction","target":{"@type":"EntryPoint","urlTemplate":"https:\/\/www.biciarteixo.com\/gl\/?s={search_term_string}"},"query-input":{"@type":"PropertyValueSpecification","valueRequired":true,"valueName":"search_term_string"}}],"inLanguage":"gl-ES"}]}},"_links":{"self":[{"href":"https:\/\/www.biciarteixo.com\/gl\/wp-json\/wp\/v2\/pages\/583","targetHints":{"allow":["GET"]}}],"collection":[{"href":"https:\/\/www.biciarteixo.com\/gl\/wp-json\/wp\/v2\/pages"}],"about":[{"href":"https:\/\/www.biciarteixo.com\/gl\/wp-json\/wp\/v2\/types\/page"}],"author":[{"embeddable":true,"href":"https:\/\/www.biciarteixo.com\/gl\/wp-json\/wp\/v2\/users\/5"}],"replies":[{"embeddable":true,"href":"https:\/\/www.biciarteixo.com\/gl\/wp-json\/wp\/v2\/comments?post=583"}],"version-history":[{"count":5,"href":"https:\/\/www.biciarteixo.com\/gl\/wp-json\/wp\/v2\/pages\/583\/revisions"}],"predecessor-version":[{"id":907,"href":"https:\/\/www.biciarteixo.com\/gl\/wp-json\/wp\/v2\/pages\/583\/revisions\/907"}],"wp:attachment":[{"href":"https:\/\/www.biciarteixo.com\/gl\/wp-json\/wp\/v2\/media?parent=583"}],"curies":[{"name":"wp","href":"https:\/\/api.w.org\/{rel}","templated":true}]}}